{"version":"1.0","provider_name":"","provider_url":"https:\/\/www.apres-lecole.fr\/Blog","author_name":"Eva Martin","author_url":"https:\/\/www.apres-lecole.fr\/Blog\/author\/evamartin\/","title":"Le Qu\u00e9bec et le retour du \u00ab vous \u00bb \u00e0 l'\u00e9cole","type":"rich","width":600,"height":338,"html":"<blockquote class=\"wp-embedded-content\" data-secret=\"kZKroTzbaQ\"><a href=\"https:\/\/www.apres-lecole.fr\/Blog\/usage-vous-ecoles-quebec\/\">Le Qu\u00e9bec envisage d&rsquo;instaurer l&rsquo;usage du \u00ab vous \u00bb dans les \u00e9tablissements scolaires<\/a><\/blockquote><iframe sandbox=\"allow-scripts\" security=\"restricted\" src=\"https:\/\/www.apres-lecole.fr\/Blog\/usage-vous-ecoles-quebec\/embed\/#?secret=kZKroTzbaQ\" width=\"600\" height=\"338\" title=\"\u00ab\u00a0Le Qu\u00e9bec envisage d&rsquo;instaurer l&rsquo;usage du \u00ab vous \u00bb dans les \u00e9tablissements scolaires\u00a0\u00bb &#8212; \" data-secret=\"kZKroTzbaQ\" frameborder=\"0\" marginwidth=\"0\" marginheight=\"0\" scrolling=\"no\" class=\"wp-embedded-content\"><\/iframe><script>\n\/*! This file is auto-generated *\/\n!function(d,l){\"use strict\";l.querySelector&&d.addEventListener&&\"undefined\"!=typeof URL&&(d.wp=d.wp||{},d.wp.receiveEmbedMessage||(d.wp.receiveEmbedMessage=function(e){var t=e.data;if((t||t.secret||t.message||t.value)&&!\/[^a-zA-Z0-9]\/.test(t.secret)){for(var s,r,n,a=l.querySelectorAll('iframe[data-secret=\"'+t.secret+'\"]'),o=l.querySelectorAll('blockquote[data-secret=\"'+t.secret+'\"]'),c=new RegExp(\"^https?:$\",\"i\"),i=0;i<o.length;i++)o[i].style.display=\"none\";for(i=0;i<a.length;i++)s=a[i],e.source===s.contentWindow&&(s.removeAttribute(\"style\"),\"height\"===t.message?(1e3<(r=parseInt(t.value,10))?r=1e3:~~r<200&&(r=200),s.height=r):\"link\"===t.message&&(r=new URL(s.getAttribute(\"src\")),n=new URL(t.value),c.test(n.protocol))&&n.host===r.host&&l.activeElement===s&&(d.top.location.href=t.value))}},d.addEventListener(\"message\",d.wp.receiveEmbedMessage,!1),l.addEventListener(\"DOMContentLoaded\",function(){for(var e,t,s=l.querySelectorAll(\"iframe.wp-embedded-content\"),r=0;r<s.length;r++)(t=(e=s[r]).getAttribute(\"data-secret\"))||(t=Math.random().toString(36).substring(2,12),e.src+=\"#?secret=\"+t,e.setAttribute(\"data-secret\",t)),e.contentWindow.postMessage({message:\"ready\",secret:t},\"*\")},!1)))}(window,document);\n\/\/# sourceURL=https:\/\/www.apres-lecole.fr\/Blog\/wp-includes\/js\/wp-embed.min.js\n<\/script>\n","description":"D\u00e9couvrez les implications de la d\u00e9cision du Qu\u00e9bec d'introduire l'usage du \u00ab vous \u00bb dans les \u00e9tablissements scolaires. Cette r\u00e9forme linguistique vise \u00e0 promouvoir une communication respectueuse et formelle entre \u00e9l\u00e8ves et enseignants. Explorez les enjeux culturels et \u00e9ducatifs li\u00e9s \u00e0 cette initiative qui pourrait transformer le paysage linguistique des classes qu\u00e9b\u00e9coises."}