{"version":"1.0","provider_name":"","provider_url":"https:\/\/www.apres-lecole.fr\/Blog","author_name":"Eva Martin","author_url":"https:\/\/www.apres-lecole.fr\/Blog\/author\/evamartin\/","title":"Marl\u00e8ne Schiappa d\u00e9fend les portiques de s\u00e9curit\u00e9 dans les \u00e9coles","type":"rich","width":600,"height":338,"html":"<blockquote class=\"wp-embedded-content\" data-secret=\"ASwrHjYvcx\"><a href=\"https:\/\/www.apres-lecole.fr\/Blog\/soutien-portiques-securite\/\">Marl\u00e8ne Schiappa exprime son soutien aux portiques de s\u00e9curit\u00e9 dans les \u00e9tablissements scolaires<\/a><\/blockquote><iframe sandbox=\"allow-scripts\" security=\"restricted\" src=\"https:\/\/www.apres-lecole.fr\/Blog\/soutien-portiques-securite\/embed\/#?secret=ASwrHjYvcx\" width=\"600\" height=\"338\" title=\"\u00ab\u00a0Marl\u00e8ne Schiappa exprime son soutien aux portiques de s\u00e9curit\u00e9 dans les \u00e9tablissements scolaires\u00a0\u00bb &#8212; \" data-secret=\"ASwrHjYvcx\" frameborder=\"0\" marginwidth=\"0\" marginheight=\"0\" scrolling=\"no\" class=\"wp-embedded-content\"><\/iframe><script>\n\/*! This file is auto-generated *\/\n!function(d,l){\"use strict\";l.querySelector&&d.addEventListener&&\"undefined\"!=typeof URL&&(d.wp=d.wp||{},d.wp.receiveEmbedMessage||(d.wp.receiveEmbedMessage=function(e){var t=e.data;if((t||t.secret||t.message||t.value)&&!\/[^a-zA-Z0-9]\/.test(t.secret)){for(var s,r,n,a=l.querySelectorAll('iframe[data-secret=\"'+t.secret+'\"]'),o=l.querySelectorAll('blockquote[data-secret=\"'+t.secret+'\"]'),c=new RegExp(\"^https?:$\",\"i\"),i=0;i<o.length;i++)o[i].style.display=\"none\";for(i=0;i<a.length;i++)s=a[i],e.source===s.contentWindow&&(s.removeAttribute(\"style\"),\"height\"===t.message?(1e3<(r=parseInt(t.value,10))?r=1e3:~~r<200&&(r=200),s.height=r):\"link\"===t.message&&(r=new URL(s.getAttribute(\"src\")),n=new URL(t.value),c.test(n.protocol))&&n.host===r.host&&l.activeElement===s&&(d.top.location.href=t.value))}},d.addEventListener(\"message\",d.wp.receiveEmbedMessage,!1),l.addEventListener(\"DOMContentLoaded\",function(){for(var e,t,s=l.querySelectorAll(\"iframe.wp-embedded-content\"),r=0;r<s.length;r++)(t=(e=s[r]).getAttribute(\"data-secret\"))||(t=Math.random().toString(36).substring(2,12),e.src+=\"#?secret=\"+t,e.setAttribute(\"data-secret\",t)),e.contentWindow.postMessage({message:\"ready\",secret:t},\"*\")},!1)))}(window,document);\n\/\/# sourceURL=https:\/\/www.apres-lecole.fr\/Blog\/wp-includes\/js\/wp-embed.min.js\n<\/script>\n","thumbnail_url":"https:\/\/www.apres-lecole.fr\/Blog\/wp-content\/uploads\/2025\/03\/Marlene-Schiappa-exprime-son-soutien-aux-portiques-de-securite-dans-les-etablissements-scolaires.jpg","thumbnail_width":1344,"thumbnail_height":768,"description":"D\u00e9couvrez l'engagement de Marl\u00e8ne Schiappa en faveur des portiques de s\u00e9curit\u00e9 dans les \u00e9tablissements scolaires. Dans une d\u00e9claration r\u00e9cente, elle souligne l'importance de renforcer la s\u00e9curit\u00e9 des \u00e9l\u00e8ves et du personnel, et explique comment ces mesures peuvent contribuer \u00e0 un environnement scolaire plus s\u00fbr. Restez inform\u00e9 sur les initiatives en mati\u00e8re de s\u00e9curit\u00e9 scolaire et les r\u00e9actions politiques li\u00e9es \u00e0 ce sujet crucial."}