{"version":"1.0","provider_name":"","provider_url":"https:\/\/www.apres-lecole.fr\/Blog","author_name":"Eva Martin","author_url":"https:\/\/www.apres-lecole.fr\/Blog\/author\/evamartin\/","title":"Un vieux souvenir : plainte d'un ancien \u00e9l\u00e8ve pour violence dans les Pyr\u00e9n\u00e9es-Atlantiques","type":"rich","width":600,"height":338,"html":"<blockquote class=\"wp-embedded-content\" data-secret=\"gaheFJL2pV\"><a href=\"https:\/\/www.apres-lecole.fr\/Blog\/plainte-violence-annees-70\/\">Un ancien \u00e9l\u00e8ve d&rsquo;une \u00e9cole publique des Pyr\u00e9n\u00e9es-Atlantiques d\u00e9pose une plainte pour des actes de violence survenus dans les ann\u00e9es 70<\/a><\/blockquote><iframe sandbox=\"allow-scripts\" security=\"restricted\" src=\"https:\/\/www.apres-lecole.fr\/Blog\/plainte-violence-annees-70\/embed\/#?secret=gaheFJL2pV\" width=\"600\" height=\"338\" title=\"\u00ab\u00a0Un ancien \u00e9l\u00e8ve d&rsquo;une \u00e9cole publique des Pyr\u00e9n\u00e9es-Atlantiques d\u00e9pose une plainte pour des actes de violence survenus dans les ann\u00e9es 70\u00a0\u00bb &#8212; \" data-secret=\"gaheFJL2pV\" frameborder=\"0\" marginwidth=\"0\" marginheight=\"0\" scrolling=\"no\" class=\"wp-embedded-content\"><\/iframe><script>\n\/*! This file is auto-generated *\/\n!function(d,l){\"use strict\";l.querySelector&&d.addEventListener&&\"undefined\"!=typeof URL&&(d.wp=d.wp||{},d.wp.receiveEmbedMessage||(d.wp.receiveEmbedMessage=function(e){var t=e.data;if((t||t.secret||t.message||t.value)&&!\/[^a-zA-Z0-9]\/.test(t.secret)){for(var s,r,n,a=l.querySelectorAll('iframe[data-secret=\"'+t.secret+'\"]'),o=l.querySelectorAll('blockquote[data-secret=\"'+t.secret+'\"]'),c=new RegExp(\"^https?:$\",\"i\"),i=0;i<o.length;i++)o[i].style.display=\"none\";for(i=0;i<a.length;i++)s=a[i],e.source===s.contentWindow&&(s.removeAttribute(\"style\"),\"height\"===t.message?(1e3<(r=parseInt(t.value,10))?r=1e3:~~r<200&&(r=200),s.height=r):\"link\"===t.message&&(r=new URL(s.getAttribute(\"src\")),n=new URL(t.value),c.test(n.protocol))&&n.host===r.host&&l.activeElement===s&&(d.top.location.href=t.value))}},d.addEventListener(\"message\",d.wp.receiveEmbedMessage,!1),l.addEventListener(\"DOMContentLoaded\",function(){for(var e,t,s=l.querySelectorAll(\"iframe.wp-embedded-content\"),r=0;r<s.length;r++)(t=(e=s[r]).getAttribute(\"data-secret\"))||(t=Math.random().toString(36).substring(2,12),e.src+=\"#?secret=\"+t,e.setAttribute(\"data-secret\",t)),e.contentWindow.postMessage({message:\"ready\",secret:t},\"*\")},!1)))}(window,document);\n\/\/# sourceURL=https:\/\/www.apres-lecole.fr\/Blog\/wp-includes\/js\/wp-embed.min.js\n<\/script>\n","thumbnail_url":"https:\/\/www.apres-lecole.fr\/Blog\/wp-content\/uploads\/2025\/04\/Un-ancien-eleve-dune-ecole-publique-des-Pyrenees-Atlantiques-depose-une-plainte-pour-des-actes-de-violence-survenus-dans-les-annees-70.jpg","thumbnail_width":1344,"thumbnail_height":768,"description":"Un ancien \u00e9l\u00e8ve d'une \u00e9cole publique des Pyr\u00e9n\u00e9es-Atlantiques d\u00e9pose une plainte pour des actes de violence survenus dans les ann\u00e9es 70. D\u00e9couvrez les d\u00e9tails de cette affaire qui soul\u00e8ve des questions sur les violences scolaires pass\u00e9es et l'impact durable sur les victimes. Une r\u00e9flexion essentielle sur la m\u00e9moire et la justice."}