{"version":"1.0","provider_name":"","provider_url":"https:\/\/www.apres-lecole.fr\/Blog","author_name":"Eva Martin","author_url":"https:\/\/www.apres-lecole.fr\/Blog\/author\/evamartin\/","title":"Les \u00e9coles de commerce r\u00e9v\u00e9l\u00e9es : le palmar\u00e8s 2025 du Parisien Etudiant","type":"rich","width":600,"height":338,"html":"<blockquote class=\"wp-embedded-content\" data-secret=\"q7Ustm6fgL\"><a href=\"https:\/\/www.apres-lecole.fr\/Blog\/palmares-ecoles-commerce-2025\/\">les \u00e9coles de commerce \u00e0 l&rsquo;honneur : d\u00e9couvrez le palmar\u00e8s 2025 du Parisien Etudiant<\/a><\/blockquote><iframe sandbox=\"allow-scripts\" security=\"restricted\" src=\"https:\/\/www.apres-lecole.fr\/Blog\/palmares-ecoles-commerce-2025\/embed\/#?secret=q7Ustm6fgL\" width=\"600\" height=\"338\" title=\"\u00ab\u00a0les \u00e9coles de commerce \u00e0 l&rsquo;honneur : d\u00e9couvrez le palmar\u00e8s 2025 du Parisien Etudiant\u00a0\u00bb &#8212; \" data-secret=\"q7Ustm6fgL\" frameborder=\"0\" marginwidth=\"0\" marginheight=\"0\" scrolling=\"no\" class=\"wp-embedded-content\"><\/iframe><script>\n\/*! This file is auto-generated *\/\n!function(d,l){\"use strict\";l.querySelector&&d.addEventListener&&\"undefined\"!=typeof URL&&(d.wp=d.wp||{},d.wp.receiveEmbedMessage||(d.wp.receiveEmbedMessage=function(e){var t=e.data;if((t||t.secret||t.message||t.value)&&!\/[^a-zA-Z0-9]\/.test(t.secret)){for(var s,r,n,a=l.querySelectorAll('iframe[data-secret=\"'+t.secret+'\"]'),o=l.querySelectorAll('blockquote[data-secret=\"'+t.secret+'\"]'),c=new RegExp(\"^https?:$\",\"i\"),i=0;i<o.length;i++)o[i].style.display=\"none\";for(i=0;i<a.length;i++)s=a[i],e.source===s.contentWindow&&(s.removeAttribute(\"style\"),\"height\"===t.message?(1e3<(r=parseInt(t.value,10))?r=1e3:~~r<200&&(r=200),s.height=r):\"link\"===t.message&&(r=new URL(s.getAttribute(\"src\")),n=new URL(t.value),c.test(n.protocol))&&n.host===r.host&&l.activeElement===s&&(d.top.location.href=t.value))}},d.addEventListener(\"message\",d.wp.receiveEmbedMessage,!1),l.addEventListener(\"DOMContentLoaded\",function(){for(var e,t,s=l.querySelectorAll(\"iframe.wp-embedded-content\"),r=0;r<s.length;r++)(t=(e=s[r]).getAttribute(\"data-secret\"))||(t=Math.random().toString(36).substring(2,12),e.src+=\"#?secret=\"+t,e.setAttribute(\"data-secret\",t)),e.contentWindow.postMessage({message:\"ready\",secret:t},\"*\")},!1)))}(window,document);\n\/\/# sourceURL=https:\/\/www.apres-lecole.fr\/Blog\/wp-includes\/js\/wp-embed.min.js\n<\/script>\n","description":"D\u00e9couvrez notre palmar\u00e8s 2025 des \u00e9coles de commerce, mis en lumi\u00e8re par le Parisien Etudiant. Classements, crit\u00e8res de s\u00e9lection et meilleures formations pour orienter votre choix vers l'excellence acad\u00e9mique et professionnelle. Informez-vous sur les \u00e9coles qui se d\u00e9marquent et leurs atouts pour r\u00e9ussir dans le monde du business."}