{"version":"1.0","provider_name":"","provider_url":"https:\/\/www.apres-lecole.fr\/Blog","author_name":"Eva Martin","author_url":"https:\/\/www.apres-lecole.fr\/Blog\/author\/evamartin\/","title":"Des migrants g\u00e9orgiens accueillis \u00e0 l'\u00e9cole L\u00e9onard de Vinci \u00e0 Strasbourg","type":"rich","width":600,"height":338,"html":"<blockquote class=\"wp-embedded-content\" data-secret=\"hXSXzhZFVK\"><a href=\"https:\/\/www.apres-lecole.fr\/Blog\/migrants-georgiens-strasbourg\/\">Un foyer de migrants g\u00e9orgiens trouve refuge \u00e0 l&rsquo;\u00e9cole L\u00e9onard de Vinci \u00e0 Strasbourg<\/a><\/blockquote><iframe sandbox=\"allow-scripts\" security=\"restricted\" src=\"https:\/\/www.apres-lecole.fr\/Blog\/migrants-georgiens-strasbourg\/embed\/#?secret=hXSXzhZFVK\" width=\"600\" height=\"338\" title=\"\u00ab\u00a0Un foyer de migrants g\u00e9orgiens trouve refuge \u00e0 l&rsquo;\u00e9cole L\u00e9onard de Vinci \u00e0 Strasbourg\u00a0\u00bb &#8212; \" data-secret=\"hXSXzhZFVK\" frameborder=\"0\" marginwidth=\"0\" marginheight=\"0\" scrolling=\"no\" class=\"wp-embedded-content\"><\/iframe><script>\n\/*! This file is auto-generated *\/\n!function(d,l){\"use strict\";l.querySelector&&d.addEventListener&&\"undefined\"!=typeof URL&&(d.wp=d.wp||{},d.wp.receiveEmbedMessage||(d.wp.receiveEmbedMessage=function(e){var t=e.data;if((t||t.secret||t.message||t.value)&&!\/[^a-zA-Z0-9]\/.test(t.secret)){for(var s,r,n,a=l.querySelectorAll('iframe[data-secret=\"'+t.secret+'\"]'),o=l.querySelectorAll('blockquote[data-secret=\"'+t.secret+'\"]'),c=new RegExp(\"^https?:$\",\"i\"),i=0;i<o.length;i++)o[i].style.display=\"none\";for(i=0;i<a.length;i++)s=a[i],e.source===s.contentWindow&&(s.removeAttribute(\"style\"),\"height\"===t.message?(1e3<(r=parseInt(t.value,10))?r=1e3:~~r<200&&(r=200),s.height=r):\"link\"===t.message&&(r=new URL(s.getAttribute(\"src\")),n=new URL(t.value),c.test(n.protocol))&&n.host===r.host&&l.activeElement===s&&(d.top.location.href=t.value))}},d.addEventListener(\"message\",d.wp.receiveEmbedMessage,!1),l.addEventListener(\"DOMContentLoaded\",function(){for(var e,t,s=l.querySelectorAll(\"iframe.wp-embedded-content\"),r=0;r<s.length;r++)(t=(e=s[r]).getAttribute(\"data-secret\"))||(t=Math.random().toString(36).substring(2,12),e.src+=\"#?secret=\"+t,e.setAttribute(\"data-secret\",t)),e.contentWindow.postMessage({message:\"ready\",secret:t},\"*\")},!1)))}(window,document);\n\/\/# sourceURL=https:\/\/www.apres-lecole.fr\/Blog\/wp-includes\/js\/wp-embed.min.js\n<\/script>\n","description":"D\u00e9couvrez comment l'\u00e9cole L\u00e9onard de Vinci \u00e0 Strasbourg devient un havre de paix pour les migrants g\u00e9orgiens. Cet article explore les d\u00e9fis, les espoirs et l'accueil chaleureux offert par cette institution, tout en mettant en lumi\u00e8re les histoires touchantes de ces familles en qu\u00eate de s\u00e9curit\u00e9 et d'un nouveau d\u00e9part."}