{"version":"1.0","provider_name":"","provider_url":"https:\/\/www.apres-lecole.fr\/Blog","author_name":"Eva Martin","author_url":"https:\/\/www.apres-lecole.fr\/Blog\/author\/evamartin\/","title":"Un p\u00e8re d'\u00e9l\u00e8ve p\u00e9n\u00e8tre par la force et menace la directrice","type":"rich","width":600,"height":338,"html":"<blockquote class=\"wp-embedded-content\" data-secret=\"mBENPFqU1v\"><a href=\"https:\/\/www.apres-lecole.fr\/Blog\/mere-ecole-oise-menace\/\">Un p\u00e8re d&rsquo;\u00e9l\u00e8ve menace la directrice d&rsquo;une \u00e9cole dans l&rsquo;Oise en s&rsquo;introduisant par la force<\/a><\/blockquote><iframe sandbox=\"allow-scripts\" security=\"restricted\" src=\"https:\/\/www.apres-lecole.fr\/Blog\/mere-ecole-oise-menace\/embed\/#?secret=mBENPFqU1v\" width=\"600\" height=\"338\" title=\"\u00ab\u00a0Un p\u00e8re d&rsquo;\u00e9l\u00e8ve menace la directrice d&rsquo;une \u00e9cole dans l&rsquo;Oise en s&rsquo;introduisant par la force\u00a0\u00bb &#8212; \" data-secret=\"mBENPFqU1v\" frameborder=\"0\" marginwidth=\"0\" marginheight=\"0\" scrolling=\"no\" class=\"wp-embedded-content\"><\/iframe><script>\n\/*! This file is auto-generated *\/\n!function(d,l){\"use strict\";l.querySelector&&d.addEventListener&&\"undefined\"!=typeof URL&&(d.wp=d.wp||{},d.wp.receiveEmbedMessage||(d.wp.receiveEmbedMessage=function(e){var t=e.data;if((t||t.secret||t.message||t.value)&&!\/[^a-zA-Z0-9]\/.test(t.secret)){for(var s,r,n,a=l.querySelectorAll('iframe[data-secret=\"'+t.secret+'\"]'),o=l.querySelectorAll('blockquote[data-secret=\"'+t.secret+'\"]'),c=new RegExp(\"^https?:$\",\"i\"),i=0;i<o.length;i++)o[i].style.display=\"none\";for(i=0;i<a.length;i++)s=a[i],e.source===s.contentWindow&&(s.removeAttribute(\"style\"),\"height\"===t.message?(1e3<(r=parseInt(t.value,10))?r=1e3:~~r<200&&(r=200),s.height=r):\"link\"===t.message&&(r=new URL(s.getAttribute(\"src\")),n=new URL(t.value),c.test(n.protocol))&&n.host===r.host&&l.activeElement===s&&(d.top.location.href=t.value))}},d.addEventListener(\"message\",d.wp.receiveEmbedMessage,!1),l.addEventListener(\"DOMContentLoaded\",function(){for(var e,t,s=l.querySelectorAll(\"iframe.wp-embedded-content\"),r=0;r<s.length;r++)(t=(e=s[r]).getAttribute(\"data-secret\"))||(t=Math.random().toString(36).substring(2,12),e.src+=\"#?secret=\"+t,e.setAttribute(\"data-secret\",t)),e.contentWindow.postMessage({message:\"ready\",secret:t},\"*\")},!1)))}(window,document);\n\/\/# sourceURL=https:\/\/www.apres-lecole.fr\/Blog\/wp-includes\/js\/wp-embed.min.js\n<\/script>\n","description":"D\u00e9couvrez l'incident choquant survenu dans une \u00e9cole de l'Oise, o\u00f9 un p\u00e8re d'\u00e9l\u00e8ve a menac\u00e9 la directrice apr\u00e8s s'\u00eatre introduit par la force. Cet acte de violence soul\u00e8ve des interrogations sur la s\u00e9curit\u00e9 dans les \u00e9tablissements scolaires et la gestion des conflits entre parents et personnel \u00e9ducatif. Informez-vous sur les d\u00e9tails de l'\u00e9v\u00e9nement et les r\u00e9actions des autorit\u00e9s locales."}