{"version":"1.0","provider_name":"","provider_url":"https:\/\/www.apres-lecole.fr\/Blog","author_name":"Eva Martin","author_url":"https:\/\/www.apres-lecole.fr\/Blog\/author\/evamartin\/","title":"Une amende pour l'\u00e9ducation : quand la maternit\u00e9 co\u00fbte cher","type":"rich","width":600,"height":338,"html":"<blockquote class=\"wp-embedded-content\" data-secret=\"8MoOSRYtgE\"><a href=\"https:\/\/www.apres-lecole.fr\/Blog\/mere-amende-journee-ecole\/\">Une m\u00e8re condamn\u00e9e \u00e0 400 euros d&rsquo;amende pour avoir fait rater une journ\u00e9e d&rsquo;\u00e9cole \u00e0 ses enfants<\/a><\/blockquote><iframe sandbox=\"allow-scripts\" security=\"restricted\" src=\"https:\/\/www.apres-lecole.fr\/Blog\/mere-amende-journee-ecole\/embed\/#?secret=8MoOSRYtgE\" width=\"600\" height=\"338\" title=\"\u00ab\u00a0Une m\u00e8re condamn\u00e9e \u00e0 400 euros d&rsquo;amende pour avoir fait rater une journ\u00e9e d&rsquo;\u00e9cole \u00e0 ses enfants\u00a0\u00bb &#8212; \" data-secret=\"8MoOSRYtgE\" frameborder=\"0\" marginwidth=\"0\" marginheight=\"0\" scrolling=\"no\" class=\"wp-embedded-content\"><\/iframe><script>\n\/*! This file is auto-generated *\/\n!function(d,l){\"use strict\";l.querySelector&&d.addEventListener&&\"undefined\"!=typeof URL&&(d.wp=d.wp||{},d.wp.receiveEmbedMessage||(d.wp.receiveEmbedMessage=function(e){var t=e.data;if((t||t.secret||t.message||t.value)&&!\/[^a-zA-Z0-9]\/.test(t.secret)){for(var s,r,n,a=l.querySelectorAll('iframe[data-secret=\"'+t.secret+'\"]'),o=l.querySelectorAll('blockquote[data-secret=\"'+t.secret+'\"]'),c=new RegExp(\"^https?:$\",\"i\"),i=0;i<o.length;i++)o[i].style.display=\"none\";for(i=0;i<a.length;i++)s=a[i],e.source===s.contentWindow&&(s.removeAttribute(\"style\"),\"height\"===t.message?(1e3<(r=parseInt(t.value,10))?r=1e3:~~r<200&&(r=200),s.height=r):\"link\"===t.message&&(r=new URL(s.getAttribute(\"src\")),n=new URL(t.value),c.test(n.protocol))&&n.host===r.host&&l.activeElement===s&&(d.top.location.href=t.value))}},d.addEventListener(\"message\",d.wp.receiveEmbedMessage,!1),l.addEventListener(\"DOMContentLoaded\",function(){for(var e,t,s=l.querySelectorAll(\"iframe.wp-embedded-content\"),r=0;r<s.length;r++)(t=(e=s[r]).getAttribute(\"data-secret\"))||(t=Math.random().toString(36).substring(2,12),e.src+=\"#?secret=\"+t,e.setAttribute(\"data-secret\",t)),e.contentWindow.postMessage({message:\"ready\",secret:t},\"*\")},!1)))}(window,document);\n\/\/# sourceURL=https:\/\/www.apres-lecole.fr\/Blog\/wp-includes\/js\/wp-embed.min.js\n<\/script>\n","thumbnail_url":"https:\/\/www.apres-lecole.fr\/Blog\/wp-content\/uploads\/2025\/04\/Une-mere-condamnee-a-400-euros-damende-pour-avoir-fait-rater-une-journee-decole-a-ses-enfants.jpg","thumbnail_width":1344,"thumbnail_height":768,"description":"D\u00e9couvrez l'histoire \u00e9tonnante d'une m\u00e8re condamn\u00e9e \u00e0 une amende de 400 euros pour avoir permis \u00e0 ses enfants de manquer une journ\u00e9e d'\u00e9cole. Explorez les enjeux juridiques et \u00e9ducatifs autour de cette d\u00e9cision, ainsi que les r\u00e9actions suscit\u00e9es par ce jugement. Un sujet qui soul\u00e8ve des questions sur la responsabilit\u00e9 parentale et le droit \u00e0 l'\u00e9ducation."}