{"version":"1.0","provider_name":"","provider_url":"https:\/\/www.apres-lecole.fr\/Blog","author_name":"Eva Martin","author_url":"https:\/\/www.apres-lecole.fr\/Blog\/author\/evamartin\/","title":"\u00c0 Nancy, l'\u00e9cole publique \u00e0 l'honneur : une fiert\u00e9 retrouv\u00e9e","type":"rich","width":600,"height":338,"html":"<blockquote class=\"wp-embedded-content\" data-secret=\"s4js2T06fV\"><a href=\"https:\/\/www.apres-lecole.fr\/Blog\/initiative-valoriser-ecole-nancy\/\">\u00c0 Nancy, une initiative publicitaire pour valoriser l&rsquo;\u00e9cole publique : \u00ab notre objectif est que les familles ressentent fiert\u00e9 \u00bb<\/a><\/blockquote><iframe sandbox=\"allow-scripts\" security=\"restricted\" src=\"https:\/\/www.apres-lecole.fr\/Blog\/initiative-valoriser-ecole-nancy\/embed\/#?secret=s4js2T06fV\" width=\"600\" height=\"338\" title=\"\u00ab\u00a0\u00c0 Nancy, une initiative publicitaire pour valoriser l&rsquo;\u00e9cole publique : \u00ab notre objectif est que les familles ressentent fiert\u00e9 \u00bb\u00a0\u00bb &#8212; \" data-secret=\"s4js2T06fV\" frameborder=\"0\" marginwidth=\"0\" marginheight=\"0\" scrolling=\"no\" class=\"wp-embedded-content\"><\/iframe><script>\n\/*! This file is auto-generated *\/\n!function(d,l){\"use strict\";l.querySelector&&d.addEventListener&&\"undefined\"!=typeof URL&&(d.wp=d.wp||{},d.wp.receiveEmbedMessage||(d.wp.receiveEmbedMessage=function(e){var t=e.data;if((t||t.secret||t.message||t.value)&&!\/[^a-zA-Z0-9]\/.test(t.secret)){for(var s,r,n,a=l.querySelectorAll('iframe[data-secret=\"'+t.secret+'\"]'),o=l.querySelectorAll('blockquote[data-secret=\"'+t.secret+'\"]'),c=new RegExp(\"^https?:$\",\"i\"),i=0;i<o.length;i++)o[i].style.display=\"none\";for(i=0;i<a.length;i++)s=a[i],e.source===s.contentWindow&&(s.removeAttribute(\"style\"),\"height\"===t.message?(1e3<(r=parseInt(t.value,10))?r=1e3:~~r<200&&(r=200),s.height=r):\"link\"===t.message&&(r=new URL(s.getAttribute(\"src\")),n=new URL(t.value),c.test(n.protocol))&&n.host===r.host&&l.activeElement===s&&(d.top.location.href=t.value))}},d.addEventListener(\"message\",d.wp.receiveEmbedMessage,!1),l.addEventListener(\"DOMContentLoaded\",function(){for(var e,t,s=l.querySelectorAll(\"iframe.wp-embedded-content\"),r=0;r<s.length;r++)(t=(e=s[r]).getAttribute(\"data-secret\"))||(t=Math.random().toString(36).substring(2,12),e.src+=\"#?secret=\"+t,e.setAttribute(\"data-secret\",t)),e.contentWindow.postMessage({message:\"ready\",secret:t},\"*\")},!1)))}(window,document);\n\/\/# sourceURL=https:\/\/www.apres-lecole.fr\/Blog\/wp-includes\/js\/wp-embed.min.js\n<\/script>\n","thumbnail_url":"https:\/\/www.apres-lecole.fr\/Blog\/wp-content\/uploads\/2025\/04\/A-Nancy-une-initiative-publicitaire-pour-valoriser-lecole-publique-notre-objectif-est-que-les-familles-ressentent-fierte-.jpg","thumbnail_width":1344,"thumbnail_height":768,"description":"D\u00e9couvrez \u00e0 Nancy une initiative publicitaire novatrice visant \u00e0 valoriser l'\u00e9cole publique. \u00c0 travers cette campagne, notre objectif est de susciter la fiert\u00e9 des familles pour l'\u00e9ducation de leurs enfants. Rejoignez-nous pour c\u00e9l\u00e9brer les atouts de l'\u00e9cole publique et renforcer son image aupr\u00e8s des communaut\u00e9s locales."}