{"version":"1.0","provider_name":"","provider_url":"https:\/\/www.apres-lecole.fr\/Blog","author_name":"Eva Martin","author_url":"https:\/\/www.apres-lecole.fr\/Blog\/author\/evamartin\/","title":"La chute surprise d'une \u00e9cole de commerce \u00e0 Poitiers","type":"rich","width":600,"height":338,"html":"<blockquote class=\"wp-embedded-content\" data-secret=\"D0rU7WmTlD\"><a href=\"https:\/\/www.apres-lecole.fr\/Blog\/fermeture-ecole-commerce-poitiers\/\">La fermeture inattendue d&rsquo;une \u00e9cole de commerce priv\u00e9e \u00e0 Poitiers<\/a><\/blockquote><iframe sandbox=\"allow-scripts\" security=\"restricted\" src=\"https:\/\/www.apres-lecole.fr\/Blog\/fermeture-ecole-commerce-poitiers\/embed\/#?secret=D0rU7WmTlD\" width=\"600\" height=\"338\" title=\"\u00ab\u00a0La fermeture inattendue d&rsquo;une \u00e9cole de commerce priv\u00e9e \u00e0 Poitiers\u00a0\u00bb &#8212; \" data-secret=\"D0rU7WmTlD\" frameborder=\"0\" marginwidth=\"0\" marginheight=\"0\" scrolling=\"no\" class=\"wp-embedded-content\"><\/iframe><script>\n\/*! This file is auto-generated *\/\n!function(d,l){\"use strict\";l.querySelector&&d.addEventListener&&\"undefined\"!=typeof URL&&(d.wp=d.wp||{},d.wp.receiveEmbedMessage||(d.wp.receiveEmbedMessage=function(e){var t=e.data;if((t||t.secret||t.message||t.value)&&!\/[^a-zA-Z0-9]\/.test(t.secret)){for(var s,r,n,a=l.querySelectorAll('iframe[data-secret=\"'+t.secret+'\"]'),o=l.querySelectorAll('blockquote[data-secret=\"'+t.secret+'\"]'),c=new RegExp(\"^https?:$\",\"i\"),i=0;i<o.length;i++)o[i].style.display=\"none\";for(i=0;i<a.length;i++)s=a[i],e.source===s.contentWindow&&(s.removeAttribute(\"style\"),\"height\"===t.message?(1e3<(r=parseInt(t.value,10))?r=1e3:~~r<200&&(r=200),s.height=r):\"link\"===t.message&&(r=new URL(s.getAttribute(\"src\")),n=new URL(t.value),c.test(n.protocol))&&n.host===r.host&&l.activeElement===s&&(d.top.location.href=t.value))}},d.addEventListener(\"message\",d.wp.receiveEmbedMessage,!1),l.addEventListener(\"DOMContentLoaded\",function(){for(var e,t,s=l.querySelectorAll(\"iframe.wp-embedded-content\"),r=0;r<s.length;r++)(t=(e=s[r]).getAttribute(\"data-secret\"))||(t=Math.random().toString(36).substring(2,12),e.src+=\"#?secret=\"+t,e.setAttribute(\"data-secret\",t)),e.contentWindow.postMessage({message:\"ready\",secret:t},\"*\")},!1)))}(window,document);\n\/\/# sourceURL=https:\/\/www.apres-lecole.fr\/Blog\/wp-includes\/js\/wp-embed.min.js\n<\/script>\n","thumbnail_url":"https:\/\/www.apres-lecole.fr\/Blog\/wp-content\/uploads\/2025\/04\/La-fermeture-inattendue-dune-ecole-de-commerce-privee-a-Poitiers.jpg","thumbnail_width":1344,"thumbnail_height":768,"description":"D\u00e9couvrez les raisons et les cons\u00e9quences de la fermeture inattendue d'une \u00e9cole de commerce priv\u00e9e \u00e0 Poitiers. Cette situation soul\u00e8ve des questions sur l'\u00e9ducation, l'impact sur les \u00e9tudiants et l'avenir des \u00e9tablissements priv\u00e9s. Restez inform\u00e9 des d\u00e9veloppements r\u00e9cents et des r\u00e9percussions sur la communaut\u00e9 \u00e9ducative."}