{"version":"1.0","provider_name":"","provider_url":"https:\/\/www.apres-lecole.fr\/Blog","author_name":"Eva Martin","author_url":"https:\/\/www.apres-lecole.fr\/Blog\/author\/evamartin\/","title":"L'\u00c9tat r\u00e9invente la cantine d'une \u00e9cole guadeloup\u00e9enne en difficult\u00e9","type":"rich","width":600,"height":338,"html":"<blockquote class=\"wp-embedded-content\" data-secret=\"wq211UZBmO\"><a href=\"https:\/\/www.apres-lecole.fr\/Blog\/etat-cantine-ecole-guadeloupe\/\">L&rsquo;\u00c9tat reprend les r\u00eanes de la cantine d&rsquo;une \u00e9cole en difficult\u00e9 en Guadeloupe<\/a><\/blockquote><iframe sandbox=\"allow-scripts\" security=\"restricted\" src=\"https:\/\/www.apres-lecole.fr\/Blog\/etat-cantine-ecole-guadeloupe\/embed\/#?secret=wq211UZBmO\" width=\"600\" height=\"338\" title=\"\u00ab\u00a0L&rsquo;\u00c9tat reprend les r\u00eanes de la cantine d&rsquo;une \u00e9cole en difficult\u00e9 en Guadeloupe\u00a0\u00bb &#8212; \" data-secret=\"wq211UZBmO\" frameborder=\"0\" marginwidth=\"0\" marginheight=\"0\" scrolling=\"no\" class=\"wp-embedded-content\"><\/iframe><script>\n\/*! This file is auto-generated *\/\n!function(d,l){\"use strict\";l.querySelector&&d.addEventListener&&\"undefined\"!=typeof URL&&(d.wp=d.wp||{},d.wp.receiveEmbedMessage||(d.wp.receiveEmbedMessage=function(e){var t=e.data;if((t||t.secret||t.message||t.value)&&!\/[^a-zA-Z0-9]\/.test(t.secret)){for(var s,r,n,a=l.querySelectorAll('iframe[data-secret=\"'+t.secret+'\"]'),o=l.querySelectorAll('blockquote[data-secret=\"'+t.secret+'\"]'),c=new RegExp(\"^https?:$\",\"i\"),i=0;i<o.length;i++)o[i].style.display=\"none\";for(i=0;i<a.length;i++)s=a[i],e.source===s.contentWindow&&(s.removeAttribute(\"style\"),\"height\"===t.message?(1e3<(r=parseInt(t.value,10))?r=1e3:~~r<200&&(r=200),s.height=r):\"link\"===t.message&&(r=new URL(s.getAttribute(\"src\")),n=new URL(t.value),c.test(n.protocol))&&n.host===r.host&&l.activeElement===s&&(d.top.location.href=t.value))}},d.addEventListener(\"message\",d.wp.receiveEmbedMessage,!1),l.addEventListener(\"DOMContentLoaded\",function(){for(var e,t,s=l.querySelectorAll(\"iframe.wp-embedded-content\"),r=0;r<s.length;r++)(t=(e=s[r]).getAttribute(\"data-secret\"))||(t=Math.random().toString(36).substring(2,12),e.src+=\"#?secret=\"+t,e.setAttribute(\"data-secret\",t)),e.contentWindow.postMessage({message:\"ready\",secret:t},\"*\")},!1)))}(window,document);\n\/\/# sourceURL=https:\/\/www.apres-lecole.fr\/Blog\/wp-includes\/js\/wp-embed.min.js\n<\/script>\n","thumbnail_url":"https:\/\/www.apres-lecole.fr\/Blog\/wp-content\/uploads\/2025\/04\/LEtat-reprend-les-renes-de-la-cantine-dune-ecole-en-difficulte-en-Guadeloupe.jpg","thumbnail_width":1344,"thumbnail_height":768,"description":"D\u00e9couvrez comment l'\u00c9tat prend en main la gestion de la cantine d'une \u00e9cole en difficult\u00e9 en Guadeloupe. Cette initiative vise \u00e0 am\u00e9liorer la qualit\u00e9 des repas scolaires et \u00e0 garantir un environnement \u00e9ducatif sain pour les \u00e9l\u00e8ves. Informez-vous sur les enjeux et les impacts de cette d\u00e9cision sur la communaut\u00e9 locale."}