{"version":"1.0","provider_name":"","provider_url":"https:\/\/www.apres-lecole.fr\/Blog","author_name":"Eva Martin","author_url":"https:\/\/www.apres-lecole.fr\/Blog\/author\/evamartin\/","title":"\u00c0 Mayotte, la crise scolaire prive des milliers d'enfants d'\u00e9ducation","type":"rich","width":600,"height":338,"html":"<blockquote class=\"wp-embedded-content\" data-secret=\"4Zml50UgWj\"><a href=\"https:\/\/www.apres-lecole.fr\/Blog\/enfants-sans-education-mayotte\/\">\u00c0 Mayotte, des milliers d&rsquo;enfants se retrouvent sans acc\u00e8s \u00e0 l&rsquo;\u00e9ducation en raison d&rsquo;un manque de places scolaires<\/a><\/blockquote><iframe sandbox=\"allow-scripts\" security=\"restricted\" src=\"https:\/\/www.apres-lecole.fr\/Blog\/enfants-sans-education-mayotte\/embed\/#?secret=4Zml50UgWj\" width=\"600\" height=\"338\" title=\"\u00ab\u00a0\u00c0 Mayotte, des milliers d&rsquo;enfants se retrouvent sans acc\u00e8s \u00e0 l&rsquo;\u00e9ducation en raison d&rsquo;un manque de places scolaires\u00a0\u00bb &#8212; \" data-secret=\"4Zml50UgWj\" frameborder=\"0\" marginwidth=\"0\" marginheight=\"0\" scrolling=\"no\" class=\"wp-embedded-content\"><\/iframe><script>\n\/*! This file is auto-generated *\/\n!function(d,l){\"use strict\";l.querySelector&&d.addEventListener&&\"undefined\"!=typeof URL&&(d.wp=d.wp||{},d.wp.receiveEmbedMessage||(d.wp.receiveEmbedMessage=function(e){var t=e.data;if((t||t.secret||t.message||t.value)&&!\/[^a-zA-Z0-9]\/.test(t.secret)){for(var s,r,n,a=l.querySelectorAll('iframe[data-secret=\"'+t.secret+'\"]'),o=l.querySelectorAll('blockquote[data-secret=\"'+t.secret+'\"]'),c=new RegExp(\"^https?:$\",\"i\"),i=0;i<o.length;i++)o[i].style.display=\"none\";for(i=0;i<a.length;i++)s=a[i],e.source===s.contentWindow&&(s.removeAttribute(\"style\"),\"height\"===t.message?(1e3<(r=parseInt(t.value,10))?r=1e3:~~r<200&&(r=200),s.height=r):\"link\"===t.message&&(r=new URL(s.getAttribute(\"src\")),n=new URL(t.value),c.test(n.protocol))&&n.host===r.host&&l.activeElement===s&&(d.top.location.href=t.value))}},d.addEventListener(\"message\",d.wp.receiveEmbedMessage,!1),l.addEventListener(\"DOMContentLoaded\",function(){for(var e,t,s=l.querySelectorAll(\"iframe.wp-embedded-content\"),r=0;r<s.length;r++)(t=(e=s[r]).getAttribute(\"data-secret\"))||(t=Math.random().toString(36).substring(2,12),e.src+=\"#?secret=\"+t,e.setAttribute(\"data-secret\",t)),e.contentWindow.postMessage({message:\"ready\",secret:t},\"*\")},!1)))}(window,document);\n\/\/# sourceURL=https:\/\/www.apres-lecole.fr\/Blog\/wp-includes\/js\/wp-embed.min.js\n<\/script>\n","thumbnail_url":"https:\/\/www.apres-lecole.fr\/Blog\/wp-content\/uploads\/2025\/05\/A-Mayotte-des-milliers-denfants-se-retrouvent-sans-acces-a-leducation-en-raison-dun-manque-de-places-scolaires.jpg","thumbnail_width":1344,"thumbnail_height":768,"description":"D\u00e9couvrez la situation alarmante \u00e0 Mayotte, o\u00f9 des milliers d'enfants font face \u00e0 un manque d'acc\u00e8s \u00e0 l'\u00e9ducation \u00e0 cause d'un nombre insuffisant de places scolaires. Explorez les cons\u00e9quences sur leur avenir et les actions \u00e0 envisager pour am\u00e9liorer cette crise \u00e9ducative."}