{"version":"1.0","provider_name":"","provider_url":"https:\/\/www.apres-lecole.fr\/Blog","author_name":"Eva Martin","author_url":"https:\/\/www.apres-lecole.fr\/Blog\/author\/evamartin\/","title":"Un enfant suscite l'inqui\u00e9tude dans une \u00e9cole pr\u00e8s d'\u00c9vreux","type":"rich","width":600,"height":338,"html":"<blockquote class=\"wp-embedded-content\" data-secret=\"hNLqTKVGCH\"><a href=\"https:\/\/www.apres-lecole.fr\/Blog\/enfant-inquiet-ecole-evreux\/\">Pr\u00e8s d&rsquo;\u00c9vreux, un enfant provoque l&rsquo;inqui\u00e9tude au sein d&rsquo;une \u00e9cole<\/a><\/blockquote><iframe sandbox=\"allow-scripts\" security=\"restricted\" src=\"https:\/\/www.apres-lecole.fr\/Blog\/enfant-inquiet-ecole-evreux\/embed\/#?secret=hNLqTKVGCH\" width=\"600\" height=\"338\" title=\"\u00ab\u00a0Pr\u00e8s d&rsquo;\u00c9vreux, un enfant provoque l&rsquo;inqui\u00e9tude au sein d&rsquo;une \u00e9cole\u00a0\u00bb &#8212; \" data-secret=\"hNLqTKVGCH\" frameborder=\"0\" marginwidth=\"0\" marginheight=\"0\" scrolling=\"no\" class=\"wp-embedded-content\"><\/iframe><script>\n\/*! This file is auto-generated *\/\n!function(d,l){\"use strict\";l.querySelector&&d.addEventListener&&\"undefined\"!=typeof URL&&(d.wp=d.wp||{},d.wp.receiveEmbedMessage||(d.wp.receiveEmbedMessage=function(e){var t=e.data;if((t||t.secret||t.message||t.value)&&!\/[^a-zA-Z0-9]\/.test(t.secret)){for(var s,r,n,a=l.querySelectorAll('iframe[data-secret=\"'+t.secret+'\"]'),o=l.querySelectorAll('blockquote[data-secret=\"'+t.secret+'\"]'),c=new RegExp(\"^https?:$\",\"i\"),i=0;i<o.length;i++)o[i].style.display=\"none\";for(i=0;i<a.length;i++)s=a[i],e.source===s.contentWindow&&(s.removeAttribute(\"style\"),\"height\"===t.message?(1e3<(r=parseInt(t.value,10))?r=1e3:~~r<200&&(r=200),s.height=r):\"link\"===t.message&&(r=new URL(s.getAttribute(\"src\")),n=new URL(t.value),c.test(n.protocol))&&n.host===r.host&&l.activeElement===s&&(d.top.location.href=t.value))}},d.addEventListener(\"message\",d.wp.receiveEmbedMessage,!1),l.addEventListener(\"DOMContentLoaded\",function(){for(var e,t,s=l.querySelectorAll(\"iframe.wp-embedded-content\"),r=0;r<s.length;r++)(t=(e=s[r]).getAttribute(\"data-secret\"))||(t=Math.random().toString(36).substring(2,12),e.src+=\"#?secret=\"+t,e.setAttribute(\"data-secret\",t)),e.contentWindow.postMessage({message:\"ready\",secret:t},\"*\")},!1)))}(window,document);\n\/\/# sourceURL=https:\/\/www.apres-lecole.fr\/Blog\/wp-includes\/js\/wp-embed.min.js\n<\/script>\n","thumbnail_url":"https:\/\/www.apres-lecole.fr\/Blog\/wp-content\/uploads\/2025\/04\/Pres-dEvreux-un-enfant-provoque-linquietude-au-sein-dune-ecole.jpg","thumbnail_width":1344,"thumbnail_height":768,"description":"D\u00e9couvrez l'inqui\u00e9tude qui r\u00e8gne au sein d'une \u00e9cole pr\u00e8s d'\u00c9vreux, o\u00f9 un enfant suscite des pr\u00e9occupations. Analysez les r\u00e9percussions de cet incident sur la communaut\u00e9 \u00e9ducative et les mesures prises pour assurer la s\u00e9curit\u00e9 des \u00e9l\u00e8ves."}