{"version":"1.0","provider_name":"","provider_url":"https:\/\/www.apres-lecole.fr\/Blog","author_name":"Eva Martin","author_url":"https:\/\/www.apres-lecole.fr\/Blog\/author\/evamartin\/","title":"Derri\u00e8re les murs d'une \u00e9cole priv\u00e9e : r\u00e9v\u00e9lations sur les r\u00e9seaux catholiques clandestins","type":"rich","width":600,"height":338,"html":"<blockquote class=\"wp-embedded-content\" data-secret=\"vP0Rl9RuwD\"><a href=\"https:\/\/www.apres-lecole.fr\/Blog\/ecole-privee-reseaux-catholiques\/\">Derri\u00e8re les murs d&rsquo;une \u00e9cole priv\u00e9e ferm\u00e9e : plong\u00e9e dans les r\u00e9alit\u00e9s des mauvais r\u00e9seaux catholiques<\/a><\/blockquote><iframe sandbox=\"allow-scripts\" security=\"restricted\" src=\"https:\/\/www.apres-lecole.fr\/Blog\/ecole-privee-reseaux-catholiques\/embed\/#?secret=vP0Rl9RuwD\" width=\"600\" height=\"338\" title=\"\u00ab\u00a0Derri\u00e8re les murs d&rsquo;une \u00e9cole priv\u00e9e ferm\u00e9e : plong\u00e9e dans les r\u00e9alit\u00e9s des mauvais r\u00e9seaux catholiques\u00a0\u00bb &#8212; \" data-secret=\"vP0Rl9RuwD\" frameborder=\"0\" marginwidth=\"0\" marginheight=\"0\" scrolling=\"no\" class=\"wp-embedded-content\"><\/iframe><script>\n\/*! This file is auto-generated *\/\n!function(d,l){\"use strict\";l.querySelector&&d.addEventListener&&\"undefined\"!=typeof URL&&(d.wp=d.wp||{},d.wp.receiveEmbedMessage||(d.wp.receiveEmbedMessage=function(e){var t=e.data;if((t||t.secret||t.message||t.value)&&!\/[^a-zA-Z0-9]\/.test(t.secret)){for(var s,r,n,a=l.querySelectorAll('iframe[data-secret=\"'+t.secret+'\"]'),o=l.querySelectorAll('blockquote[data-secret=\"'+t.secret+'\"]'),c=new RegExp(\"^https?:$\",\"i\"),i=0;i<o.length;i++)o[i].style.display=\"none\";for(i=0;i<a.length;i++)s=a[i],e.source===s.contentWindow&&(s.removeAttribute(\"style\"),\"height\"===t.message?(1e3<(r=parseInt(t.value,10))?r=1e3:~~r<200&&(r=200),s.height=r):\"link\"===t.message&&(r=new URL(s.getAttribute(\"src\")),n=new URL(t.value),c.test(n.protocol))&&n.host===r.host&&l.activeElement===s&&(d.top.location.href=t.value))}},d.addEventListener(\"message\",d.wp.receiveEmbedMessage,!1),l.addEventListener(\"DOMContentLoaded\",function(){for(var e,t,s=l.querySelectorAll(\"iframe.wp-embedded-content\"),r=0;r<s.length;r++)(t=(e=s[r]).getAttribute(\"data-secret\"))||(t=Math.random().toString(36).substring(2,12),e.src+=\"#?secret=\"+t,e.setAttribute(\"data-secret\",t)),e.contentWindow.postMessage({message:\"ready\",secret:t},\"*\")},!1)))}(window,document);\n\/\/# sourceURL=https:\/\/www.apres-lecole.fr\/Blog\/wp-includes\/js\/wp-embed.min.js\n<\/script>\n","thumbnail_url":"https:\/\/www.apres-lecole.fr\/Blog\/wp-content\/uploads\/2025\/03\/Derriere-les-murs-dune-ecole-privee-fermee-plongee-dans-les-realites-des-mauvais-reseaux-catholiques.jpg","thumbnail_width":1344,"thumbnail_height":768,"description":"D\u00e9couvrez les r\u00e9v\u00e9lations poignantes de notre enqu\u00eate sur les coulisses d'une \u00e9cole priv\u00e9e ferm\u00e9e, o\u00f9 les r\u00e9alit\u00e9s souvent ignor\u00e9es des mauvais r\u00e9seaux catholiques \u00e9mergent. Plongez dans un monde cach\u00e9, entre privil\u00e8ges et manipulations, et explorez les cons\u00e9quences de ces dynamiques sur les \u00e9l\u00e8ves et la soci\u00e9t\u00e9."}