{"version":"1.0","provider_name":"","provider_url":"https:\/\/www.apres-lecole.fr\/Blog","author_name":"Eva Martin","author_url":"https:\/\/www.apres-lecole.fr\/Blog\/author\/evamartin\/","title":"\u00c0 Gradignan, l'\u00e9cole Freinet en crise : les parents s'indignent","type":"rich","width":600,"height":338,"html":"<blockquote class=\"wp-embedded-content\" data-secret=\"GDF0CXUnlG\"><a href=\"https:\/\/www.apres-lecole.fr\/Blog\/ecole-freinet-gradignan\/\">\u00c0 Gradignan, l&rsquo;unique \u00e9cole Freinet de Gironde face \u00e0 une tutelle controvers\u00e9e, suscitant l&rsquo;indignation des parents<\/a><\/blockquote><iframe sandbox=\"allow-scripts\" security=\"restricted\" src=\"https:\/\/www.apres-lecole.fr\/Blog\/ecole-freinet-gradignan\/embed\/#?secret=GDF0CXUnlG\" width=\"600\" height=\"338\" title=\"\u00ab\u00a0\u00c0 Gradignan, l&rsquo;unique \u00e9cole Freinet de Gironde face \u00e0 une tutelle controvers\u00e9e, suscitant l&rsquo;indignation des parents\u00a0\u00bb &#8212; \" data-secret=\"GDF0CXUnlG\" frameborder=\"0\" marginwidth=\"0\" marginheight=\"0\" scrolling=\"no\" class=\"wp-embedded-content\"><\/iframe><script>\n\/*! This file is auto-generated *\/\n!function(d,l){\"use strict\";l.querySelector&&d.addEventListener&&\"undefined\"!=typeof URL&&(d.wp=d.wp||{},d.wp.receiveEmbedMessage||(d.wp.receiveEmbedMessage=function(e){var t=e.data;if((t||t.secret||t.message||t.value)&&!\/[^a-zA-Z0-9]\/.test(t.secret)){for(var s,r,n,a=l.querySelectorAll('iframe[data-secret=\"'+t.secret+'\"]'),o=l.querySelectorAll('blockquote[data-secret=\"'+t.secret+'\"]'),c=new RegExp(\"^https?:$\",\"i\"),i=0;i<o.length;i++)o[i].style.display=\"none\";for(i=0;i<a.length;i++)s=a[i],e.source===s.contentWindow&&(s.removeAttribute(\"style\"),\"height\"===t.message?(1e3<(r=parseInt(t.value,10))?r=1e3:~~r<200&&(r=200),s.height=r):\"link\"===t.message&&(r=new URL(s.getAttribute(\"src\")),n=new URL(t.value),c.test(n.protocol))&&n.host===r.host&&l.activeElement===s&&(d.top.location.href=t.value))}},d.addEventListener(\"message\",d.wp.receiveEmbedMessage,!1),l.addEventListener(\"DOMContentLoaded\",function(){for(var e,t,s=l.querySelectorAll(\"iframe.wp-embedded-content\"),r=0;r<s.length;r++)(t=(e=s[r]).getAttribute(\"data-secret\"))||(t=Math.random().toString(36).substring(2,12),e.src+=\"#?secret=\"+t,e.setAttribute(\"data-secret\",t)),e.contentWindow.postMessage({message:\"ready\",secret:t},\"*\")},!1)))}(window,document);\n\/\/# sourceURL=https:\/\/www.apres-lecole.fr\/Blog\/wp-includes\/js\/wp-embed.min.js\n<\/script>\n","description":"D\u00e9couvrez l'unique \u00e9cole Freinet de Gironde \u00e0 Gradignan, au c\u0153ur d'une pol\u00e9mique entourant sa tutelle controvers\u00e9e. Les parents expriment leur indignation face \u00e0 une situation qui met en lumi\u00e8re les d\u00e9fis de l'\u00e9ducation alternative. Explorez les enjeux et les r\u00e9actions face \u00e0 cette crise \u00e9ducative."}