{"version":"1.0","provider_name":"","provider_url":"https:\/\/www.apres-lecole.fr\/Blog","author_name":"Eva Martin","author_url":"https:\/\/www.apres-lecole.fr\/Blog\/author\/evamartin\/","title":"La nouvelle directrice de l'EM Normandie : ambitions pour l'excellence","type":"rich","width":600,"height":338,"html":"<blockquote class=\"wp-embedded-content\" data-secret=\"zBxdeSecJd\"><a href=\"https:\/\/www.apres-lecole.fr\/Blog\/directrice-em-normandie-excellence\/\">La nouvelle directrice de l&rsquo;EM Normandie d\u00e9voile ses ambitions pour faire de l&rsquo;\u00e9cole un mod\u00e8le d&rsquo;excellence<\/a><\/blockquote><iframe sandbox=\"allow-scripts\" security=\"restricted\" src=\"https:\/\/www.apres-lecole.fr\/Blog\/directrice-em-normandie-excellence\/embed\/#?secret=zBxdeSecJd\" width=\"600\" height=\"338\" title=\"\u00ab\u00a0La nouvelle directrice de l&rsquo;EM Normandie d\u00e9voile ses ambitions pour faire de l&rsquo;\u00e9cole un mod\u00e8le d&rsquo;excellence\u00a0\u00bb &#8212; \" data-secret=\"zBxdeSecJd\" frameborder=\"0\" marginwidth=\"0\" marginheight=\"0\" scrolling=\"no\" class=\"wp-embedded-content\"><\/iframe><script>\n\/*! This file is auto-generated *\/\n!function(d,l){\"use strict\";l.querySelector&&d.addEventListener&&\"undefined\"!=typeof URL&&(d.wp=d.wp||{},d.wp.receiveEmbedMessage||(d.wp.receiveEmbedMessage=function(e){var t=e.data;if((t||t.secret||t.message||t.value)&&!\/[^a-zA-Z0-9]\/.test(t.secret)){for(var s,r,n,a=l.querySelectorAll('iframe[data-secret=\"'+t.secret+'\"]'),o=l.querySelectorAll('blockquote[data-secret=\"'+t.secret+'\"]'),c=new RegExp(\"^https?:$\",\"i\"),i=0;i<o.length;i++)o[i].style.display=\"none\";for(i=0;i<a.length;i++)s=a[i],e.source===s.contentWindow&&(s.removeAttribute(\"style\"),\"height\"===t.message?(1e3<(r=parseInt(t.value,10))?r=1e3:~~r<200&&(r=200),s.height=r):\"link\"===t.message&&(r=new URL(s.getAttribute(\"src\")),n=new URL(t.value),c.test(n.protocol))&&n.host===r.host&&l.activeElement===s&&(d.top.location.href=t.value))}},d.addEventListener(\"message\",d.wp.receiveEmbedMessage,!1),l.addEventListener(\"DOMContentLoaded\",function(){for(var e,t,s=l.querySelectorAll(\"iframe.wp-embedded-content\"),r=0;r<s.length;r++)(t=(e=s[r]).getAttribute(\"data-secret\"))||(t=Math.random().toString(36).substring(2,12),e.src+=\"#?secret=\"+t,e.setAttribute(\"data-secret\",t)),e.contentWindow.postMessage({message:\"ready\",secret:t},\"*\")},!1)))}(window,document);\n\/\/# sourceURL=https:\/\/www.apres-lecole.fr\/Blog\/wp-includes\/js\/wp-embed.min.js\n<\/script>\n","description":"D\u00e9couvrez les ambitions inspirantes de la nouvelle directrice de l'EM Normandie pour transformer l'\u00e9cole en un mod\u00e8le d'excellence. Plongez dans sa vision novatrice qui met l'accent sur l'innovation, la qualit\u00e9 de l'enseignement et l'ouverture internationale, promettant ainsi un avenir radieux pour les \u00e9tudiants et l'institution."}